{"id":1171,"date":"2019-05-03T14:52:30","date_gmt":"2019-05-03T12:52:30","guid":{"rendered":"https:\/\/www.ds.cz\/?page_id=1171"},"modified":"2024-05-14T10:12:03","modified_gmt":"2024-05-14T08:12:03","slug":"vlasska21","status":"publish","type":"page","link":"https:\/\/www.ds.cz\/en\/objekty-ds\/praha-1-mala-strana\/vlasska21\/","title":{"rendered":"Vla\u0161sk\u00e1 346\/21 &#8211; The Lobkowicz Palace"},"content":{"rendered":"<hr \/>\n<div style=\"padding: 0px 30px 30px 0px;\">\n<div style=\"text-align: justify;\">\n<div style=\"padding: 30px 30px 30px 30px;\">\n<div class=\"su-row\"><div class=\"su-column su-column-size-1-2\"><div class=\"su-column-inner su-u-clearfix su-u-trim\">\n<p style=\"line-height: 1.5em; text-align: justify; width: 93%;\">The Lobkowicz Palace on Vla\u0161sk\u00e1 street in Mal\u00e1 Strana is one of the most impressive palaces in Prague. A monastery brewery used to stand in&nbsp;its&nbsp;place. Later a farm yard was founded here and it often changed owners. Until 1696 when Franti\u0161ek Karel P\u0159eho\u0159ovsk\u00fd count of Kvasejovic bought vineyards and the house itself. The house was called \u201eAt the Three Musketeers\u201d. A big palace surrounded by a magnificent garden was built in&nbsp;its place. The palace building is built on the foothills of Pet\u0159\u00edn slope, oriented in north \u2013 south direction. It faces Vla\u0161sk\u00e1 street with a four-storey facade and towards Pet\u0159\u00edn and the garden opens with a segmented facade and a court of honour. It was finished around 1707. Both the palace and the garden were built in the Baroque style. Giovanni Battista Alliprandi, the architect of Italian origin, is considered to be the author of&nbsp;the building. Bartholomeus Scoti was the builder. The garden is&nbsp;the&nbsp;masterpiece of J.J. de Capauli and consisted of the private part that was fenced and of the public part that was on the west part of Pet\u0159\u00edn slope.<\/p>\n<p style=\"line-height: 1.5em; text-align: justify; width: 93%;\">A big glasshouse was built before 1744 under the owners of the Czernins of&nbsp;Chudenice.<\/p>\n<p style=\"line-height: 1.5em; text-align: justify; width: 93%;\">The palace was partly damaged by fire in 1768 and afterwards recieved today\u2019s late baroque appearance. At that time, it belonged to the Lobkowitz family, to whom it was passed by the marriage of Antonia Czernin of&nbsp;Chudenice to August Anton\u00edn Josef of Lobkowitz.<\/p>\n<\/div><\/div>\n<div class=\"su-column su-column-size-1-2\"><div class=\"su-column-inner su-u-clearfix su-u-trim\">\n<p style=\"line-height: 1.5em; text-align: justify; width: 93%;\">The author of the reconstruction was Ign\u00e1c Jan Nepomuk Palliardi. The&nbsp;palace was raised by one floor above side wings and the central roof was adjusted. The oval court of honour, formed by the wings of the palace, was outlined by a metal fences and a gate, both set in pillars. There&nbsp;are&nbsp;stone vases and plastics on the top of the pillars. The garden was&nbsp;also changed. From French-Italian style it was transformed to&nbsp;the&nbsp;English style. The&nbsp;glasshouse was modified and sala terrena \u2013 a&nbsp;ground building open to the garden &#8211; built. Many exotic plants and trees were also imported.<\/p>\n<p style=\"line-height: 1.5em; text-align: justify; width: 93%;\">The main fa\u00e7ade with an entrance is oriented to the north. The street side starts with a fence wall, to which farm buildings were attached and in which there is a gate. Further there is the palace itself and then the wall continues and after several meters it is followed by the orangery building.<\/p>\n<p style=\"line-height: 1.5em; text-align: justify; width: 93%;\">The Lobkowitz family owned the property until 1927 when, after the land reform in 1919, they were no longer able to hold it and the Prague palace was sold to the state. The Ministry of Education and Culture had its seat here. After 1945 it became the seat of foreign embassies and since 1974 it&nbsp;has been the seat of the Embassy of the Federal Republic of Germany. The&nbsp;consular department is now located in the orangery.<\/p>\n<\/div><\/div><\/div>\n<hr \/>\n<div style=\"margin-left: 0px;\">\n<div id=\"su_carousel_69f02cde0e4bc\" class=\"su-carousel su-carousel-centered su-carousel-pages-no su-carousel-responsive-no su-lightbox-gallery\" style=\"width:950px;height:200px\" data-autoplay=\"10\" data-speed=\"2500\" data-mousewheel=\"true\" data-items=\"5\" data-scroll=\"2\"><div class=\"su-carousel-slides\"><div class=\"su-carousel-slide\"><a href=\"https:\/\/www.ds.cz\/wp-content\/uploads\/2024\/01\/pohled-z-Vlasske-ulice.jpg\" title=\"Pohled z Vla\u0161sk\u00e9 ulice\"><img decoding=\"async\" src=\"https:\/\/www.ds.cz\/wp-content\/uploads\/2024\/01\/pohled-z-Vlasske-ulice-172x200.jpg\" alt=\"Pohled z Vla\u0161sk\u00e9 ulice\" \/><\/a><\/div><div class=\"su-carousel-slide\"><a href=\"https:\/\/www.ds.cz\/wp-content\/uploads\/2019\/05\/Vla\u0161sk\u00e1-19-1.jpg\" title=\"Vla\u0161sk\u00e1 19\"><img decoding=\"async\" src=\"https:\/\/www.ds.cz\/wp-content\/uploads\/2019\/05\/Vla\u0161sk\u00e1-19-1-172x200.jpg\" alt=\"Vla\u0161sk\u00e1 19\" \/><\/a><\/div><div class=\"su-carousel-slide\"><a href=\"https:\/\/www.ds.cz\/wp-content\/uploads\/2024\/01\/2.png\" title=\"V\u00fd\u0159ez z Lanweilova modelu (1826-37)\"><img decoding=\"async\" src=\"https:\/\/www.ds.cz\/wp-content\/uploads\/2024\/01\/2-172x200.png\" alt=\"V\u00fd\u0159ez z Lanweilova modelu (1826-37)\" \/><\/a><\/div><div class=\"su-carousel-slide\"><a href=\"https:\/\/www.ds.cz\/wp-content\/uploads\/2024\/01\/3.jpg\" title=\"Kolorovan\u00fd pl\u00e1n, z\u0159ejm\u011b od Palliardiho, z po\u010d. 19. stol.\"><img decoding=\"async\" src=\"https:\/\/www.ds.cz\/wp-content\/uploads\/2024\/01\/3-172x200.jpg\" alt=\"Kolorovan\u00fd pl\u00e1n, z\u0159ejm\u011b od Palliardiho, z po\u010d. 19. stol.\" \/><\/a><\/div><div class=\"su-carousel-slide\"><a href=\"https:\/\/www.ds.cz\/wp-content\/uploads\/2024\/01\/D.-Cerny-Quo-vadis.jpg\" title=\"D. \u010cern\u00fd &#8211; Quo vadis\"><img decoding=\"async\" src=\"https:\/\/www.ds.cz\/wp-content\/uploads\/2024\/01\/D.-Cerny-Quo-vadis-172x200.jpg\" alt=\"D. \u010cern\u00fd &#8211; Quo vadis\" \/><\/a><\/div><div class=\"su-carousel-slide\"><a href=\"https:\/\/www.ds.cz\/wp-content\/uploads\/2024\/01\/1.png\" title=\"Pohled ze severu\"><img decoding=\"async\" src=\"https:\/\/www.ds.cz\/wp-content\/uploads\/2024\/01\/1-172x200.png\" alt=\"Pohled ze severu\" \/><\/a><\/div><div class=\"su-carousel-slide\"><a href=\"https:\/\/www.ds.cz\/wp-content\/uploads\/2019\/05\/Vla\u0161sk\u00e1-21-e1559041810116.jpg\" title=\"Vla\u0161sk\u00e1 21\"><img decoding=\"async\" src=\"https:\/\/www.ds.cz\/wp-content\/uploads\/2019\/05\/Vla\u0161sk\u00e1-21-e1559041810116.jpg\" alt=\"Vla\u0161sk\u00e1 21\" \/><\/a><\/div><\/div><div class=\"su-carousel-nav\"><div class=\"su-carousel-direction\"><span class=\"su-carousel-prev\"><\/span><span class=\"su-carousel-next\"><\/span><\/div><div class=\"su-carousel-pagination\"><\/div><\/div><\/div>\n<\/div>\n<hr>\n<p>&nbsp;<\/p>\n<div style=\"background-color: #e9e9ea; width: 100%;\">\n<div style=\"padding: 30px 30px 30px 30px;\">\n<p style=\"line-height: 1.5em; text-align: justify; width: 100%;\">In September 1989, the embassy became a refuge for East Germans who decided to apply there for asylum and permission to travel to The Federal Republic of&nbsp;Germany. They were accommodated inside the palace and also in the tents in the garden. The then Minister of foreign affairs Hans-Dietrich Genscher announced from the balcony, above the court of honour, that they will be allowed to leave. This event is commemorated by a plaque on the balcony as well as&nbsp;a&nbsp;sculpture by David \u010cern\u00fd called Quo vadis in the embassy garden.<\/p>\n<\/div>\n<\/div>\n<\/div>\n<\/div>\n<hr \/>\n<div style=\"padding: 30px 30px 30px 30px;\">\n<div class=\"su-youtube su-u-responsive-media-yes\"><iframe loading=\"lazy\" width=\"600\" height=\"400\" src=\"https:\/\/www.youtube.com\/embed\/MYaFmsFG5qU?autohide=2&amp;autoplay=0&amp;mute=0&amp;controls=1&amp;fs=1&amp;loop=1&amp;modestbranding=0&amp;playlist=MYaFmsFG5qU&amp;rel=1&amp;showinfo=1&amp;theme=dark&amp;wmode=&amp;playsinline=0\" frameborder=\"0\" allowfullscreen allow=\"autoplay; encrypted-media; picture-in-picture\" title=\"Rekonstrukce freskov\u00fdch s\u00e1l\u016f, Lobkovick\u00fd pal\u00e1c, Velvyslanectv\u00ed Spolkov\u00e9 republiky N\u011bmecko\"><\/iframe><\/div>\n<div>\n<hr>\n<p style=\"line-height: 1em; text-align: justify; width: 95%;\">\n<sup><b>Sources<\/b> <\/sup><br \/>\n<sup> Video published with the consent of Metrostav DIZ.<\/sup><br \/>\n<sup> Building-historical survey of Lobkowicz Palace \u2013 Ing. architect Martina B\u00e1rtov\u00e1<\/sup><br \/>\n<sup> Study of the restoration of the garden of the Lobkowicz Palace in Prague, part I. Anthropology of the place &#8211; Ing. architect Jaroslav Nov\u00e1k CSc.<\/sup><br \/>\n<sup> https:\/\/pamatkovykatalog.cz\/lobkovicky-palac-15530101 <\/sup><br \/>\n<sup> https:\/\/www.idnes.cz\/praha\/zpravy\/navstave-ambasada-velvyslanectvi-nemecko-lobkovicky-palac-praha.A180815_420981_praha-zpravy_rsr <\/sup><\/p>\n<hr \/>","protected":false},"excerpt":{"rendered":"<p>&nbsp; In September 1989, the embassy became a refuge for East Germans who decided to apply there for asylum and permission to travel to<a class=\"moretag\" href=\"https:\/\/www.ds.cz\/en\/objekty-ds\/praha-1-mala-strana\/vlasska21\/\">Cel\u00fd \u010dl\u00e1nek<\/a><\/p>\n","protected":false},"author":2,"featured_media":0,"parent":1510,"menu_order":0,"comment_status":"closed","ping_status":"closed","template":"","meta":{"_acf_changed":false,"footnotes":""},"acf":[],"aioseo_notices":[],"_links":{"self":[{"href":"https:\/\/www.ds.cz\/en\/wp-json\/wp\/v2\/pages\/1171"}],"collection":[{"href":"https:\/\/www.ds.cz\/en\/wp-json\/wp\/v2\/pages"}],"about":[{"href":"https:\/\/www.ds.cz\/en\/wp-json\/wp\/v2\/types\/page"}],"author":[{"embeddable":true,"href":"https:\/\/www.ds.cz\/en\/wp-json\/wp\/v2\/users\/2"}],"replies":[{"embeddable":true,"href":"https:\/\/www.ds.cz\/en\/wp-json\/wp\/v2\/comments?post=1171"}],"version-history":[{"count":8,"href":"https:\/\/www.ds.cz\/en\/wp-json\/wp\/v2\/pages\/1171\/revisions"}],"predecessor-version":[{"id":9049,"href":"https:\/\/www.ds.cz\/en\/wp-json\/wp\/v2\/pages\/1171\/revisions\/9049"}],"up":[{"embeddable":true,"href":"https:\/\/www.ds.cz\/en\/wp-json\/wp\/v2\/pages\/1510"}],"wp:attachment":[{"href":"https:\/\/www.ds.cz\/en\/wp-json\/wp\/v2\/media?parent=1171"}],"curies":[{"name":"wp","href":"https:\/\/api.w.org\/{rel}","templated":true}]}}